{"id":9,"date":"2023-12-22T10:37:42","date_gmt":"2023-12-22T09:37:42","guid":{"rendered":"https:\/\/weg-von-windows.ch\/?page_id=9"},"modified":"2025-05-18T14:10:42","modified_gmt":"2025-05-18T12:10:42","slug":"ueber-uns","status":"publish","type":"page","link":"https:\/\/weg-von-windows.ch\/index.php\/ueber-uns\/","title":{"rendered":"\u00dcber uns"},"content":{"rendered":"<h2><span style=\"font-family: helvetica, arial, sans-serif;\">PORTRAIT<\/span><\/h2>\n<p><span style=\"font-family: helvetica, arial, sans-serif;\"><strong>Seit 1984 f\u00fcr Sie da.<\/strong><\/span><\/p>\n<p><span style=\"font-family: helvetica, arial, sans-serif;\">Die EDV LEHMANN GmbH bietet seit \u00fcber 40 Jahren umfangreiche IT-Dienstleistungen f\u00fcr Privat- und Gesch\u00e4ftskunden an. Unser Ziel ist es, rasch und kosteng\u00fcnstig IT-L\u00f6sungen zu finden, welche individuell auf Ihre Bed\u00fcrfnisse abgestimmt sind und Sie beim Betrieb und der Wartung zu unterst\u00fctzen.<\/span><\/p>\n<p><span style=\"font-family: helvetica, arial, sans-serif;\">Wir begleiten Sie von der Beratung \u00fcber den Verkauf bis zur Installation und Wartung Ihrer IT. Auch nach dem Kauf sind wir Ihr Ansprechpartner f\u00fcr Ihre IT-Fragen. Die Planung und Realisierung von Windows-Netzwerken, das Hosting Ihrer Website und Groupware-L\u00f6sung sowie das Angebot eines Online-Backups geh\u00f6ren zu unseren Kernkompetenzen.<\/span><\/p>\n<p><span style=\"font-family: helvetica, arial, sans-serif;\">Individuell auf Ihre Bed\u00fcrfnisse programmierte Web-Applikationen und unsere langj\u00e4hrige Erfahrung im Webdesign erg\u00e4nzen unser T\u00e4tigkeitsgebiet.<\/span><\/p>\n<p><span style=\"font-family: helvetica, arial, sans-serif;\">EDV LEHMANN wurde 1984 als Abteilung der TV LEHMANN AG Sch\u00f6nenwerd gegr\u00fcndet und zog bereits ein Jahr sp\u00e4ter die Lokalit\u00e4ten des Hotels Storchen mit Verkaufsladen, Werkstatt und B\u00fcro. Im Jahre 1999 wurde die EDV LEHMANN GmbH als eigenst\u00e4ndige Firma gegr\u00fcndet und aus der TV LEHMANN AG herausgel\u00f6st.<\/span><\/p>\n<p>&nbsp;<\/p>\n<h2><span style=\"font-family: helvetica, arial, sans-serif;\">BERATUNG<\/span><\/h2>\n<p><span style=\"font-family: helvetica, arial, sans-serif;\"><strong>Wir beraten Sie kompetent.<\/strong><\/span><\/p>\n<p><span style=\"font-family: helvetica, arial, sans-serif;\">Brauchen Sie einen neuen Computer oder passendes Zubeh\u00f6r? M\u00f6chten Sie jederzeit und von \u00fcberall her auf Ihre Dokumente zugreifen? Ben\u00f6tigen Sie ein komplexes IT-Netzwerk f\u00fcr Ihre Firma? Oder m\u00f6chten Sie Ihre Daten sicher und zuverl\u00e4ssig speichern?<\/span><\/p>\n<p><span style=\"font-family: helvetica, arial, sans-serif;\">Dank unserer langj\u00e4hrigen Erfahrung beraten wir Sie kompetent und zielgerichtet, um die beste L\u00f6sung f\u00fcr Ihre Anliegen zu finden.<\/span><\/p>\n<p>&nbsp;<\/p>\n<h2><span style=\"font-family: helvetica, arial, sans-serif;\">SUPPORT<\/span><\/h2>\n<p><span style=\"font-family: helvetica, arial, sans-serif;\"><strong>Wir finden eine L\u00f6sung.<\/strong><\/span><\/p>\n<p><span style=\"font-family: helvetica, arial, sans-serif;\">Haben Sie ein Problem mit Ihrer IT-Infrastruktur? Ben\u00f6tigen Sie technische Beratung oder Unterst\u00fctzung? Wir stehen w\u00e4hrend unseren \u00d6ffnungszeiten, oder nach Absprache auch ausserhalb, zu Ihrer Verf\u00fcgung.<\/span><\/p>\n<p><span style=\"font-family: helvetica, arial, sans-serif;\">\u00dcber folgende Wege k\u00f6nnen Sie mit uns in Kontakt treten:<\/span><\/p>\n<p><span style=\"font-family: helvetica, arial, sans-serif;\">Telefonische Beratung \u2013 Wir sind w\u00e4hrend unseren \u00d6ffnungszeiten (nach Absprache auch ausserhalb) telefonisch erreichbar.<\/span><\/p>\n<p><span style=\"font-family: helvetica, arial, sans-serif;\">Fernsteuerung \u2013 Mit unserer Fernzugriffssoftware k\u00f6nnen wir kleinere Probleme schnell und unkompliziert analysieren und nach M\u00f6glichkeit auch gleich l\u00f6sen.<\/span><\/p>\n<p><span style=\"font-family: helvetica, arial, sans-serif;\"><a href=\"http:\/\/edv-lehmann.ch\/kontakt.cfm?id=61&amp;abt=Unternehmen&amp;rub=Kontakt\" target=\"_blank\" rel=\"noopener\">Kontaktformular<\/a> \u2013 Unsere Fachleute beantworten technische Anfragen rasch und kostenlos per E-Mail.<\/span><\/p>\n<p><span style=\"font-family: helvetica, arial, sans-serif;\">Stundenans\u00e4tze\/Einsatzpauschale \u2013 Selbstverst\u00e4ndlich k\u00fcmmern wir uns auch bei Ihnen vor Ort um Ihr Anliegen. F\u00fcr eine offene Kostenpolitik haben wir eine Einsatzpauschale eingef\u00fchrt. Genauere Angaben, wie Zonen und Kosten, finden Sie in der \u00dcbersicht.<\/span><\/p>\n<p><span style=\"font-family: helvetica, arial, sans-serif;\">F\u00fcr Eins\u00e4tze unserer Techniker gelten folgende Stundenans\u00e4tze und Einsatzpauschalen \u2013 siehe unsere Hauptseite <a href=\"https:\/\/edv-lehmann.ch\/page.cfm?id=73&amp;abt=Dienstleistungen&amp;rub=Support\" target=\"_blank\" rel=\"noopener\">HIER<\/a><\/span><\/p>\n<div class=\"table-scrollable\"><\/div>\n<h2><span style=\"font-family: helvetica, arial, sans-serif;\">WEBDESIGN<\/span><\/h2>\n<p><span style=\"font-family: helvetica, arial, sans-serif;\"><strong>F\u00fcr Ihren professionellen Web-Auftritt.<\/strong><\/span><\/p>\n<p><span style=\"font-family: helvetica, arial, sans-serif;\">Ein ansprechender und moderner Webauftritt ist heute unverzichtbar. Wir beraten Sie gerne bei der Planung Ihrer Website und setzen diese technisch um. \u00dcber ein benutzerfreundliches Content-Management-System k\u00f6nnen Sie nach einer kurzen Schulung Ihre Inhalte selbst erstellen und ver\u00e4ndern. Zus\u00e4tzlich analysieren wir auf Wunsch Ihre aktuelle Website und geben Ihnen Tipps, wie Sie diese aus technischer Sicht, aber auch bez\u00fcglich Text- und Bildinhalte f\u00fcr ein optimales Nutzererlebnis verbessern k\u00f6nnen. Selbstverst\u00e4ndlich optimieren wir Ihre Webseite auch in Sachen Suchmaschinenoptimierung, damit Ihr Webauftritt von Google optimal gefunden und gelistet wird. <\/span><\/p>\n<p><span style=\"font-family: helvetica, arial, sans-serif;\">Aktuelles Projekt:<a href=\"https:\/\/www.gesundheitspraxis-ledergerber.ch\/\" target=\"_blank\" rel=\"noopener\">https:\/\/www.gesundheitspraxis-ledergerber.ch\/<\/a><\/span><\/p>\n<p>&nbsp;<\/p>\n<p><a href=\"https:\/\/www.gesundheitspraxis-ledergerber.ch\/\" target=\"_blank\" rel=\"noopener\"><img loading=\"lazy\" decoding=\"async\" class=\"aligncenter wp-image-369 size-full\" src=\"https:\/\/linux-pc.ch\/wp-content\/uploads\/2023\/06\/gesundsheitspraxis-ledergerber.jpg\" alt=\"\" width=\"963\" height=\"474\" \/><\/a><\/p>\n<p>&nbsp;<\/p>\n<h2><span style=\"font-family: helvetica, arial, sans-serif;\">SEO (SEARCH ENGINE OPTIMIZATION) \u2013 SUCHMASCHINENOPTIMIERUNG<\/span><\/h2>\n<p><span style=\"font-family: helvetica, arial, sans-serif;\"><strong>Ihr Internetauftritt ist mehr als eine Visitenkarte \u2013 er wird gefunden!<\/strong><\/span><\/p>\n<p><span style=\"font-family: helvetica, arial, sans-serif;\">Geben Sie f\u00fcr Ihre Werbung den gedruckten Medien immer noch tausende Franken im Jahr? Die Wirkung Ihrer Werbung ist nach der Ausgabe recht schnell verpufft \u2026 w\u00e4hrend Ihr Internetauftritt, f\u00fcr eine geringere Investition, zu einem Dauerbrenner werden kann \u2026 wir beraten Sie gerne, nach Ihren individuellen W\u00fcnschen f\u00fcr eine nachhaltige L\u00f6sung Ihrer Werbung!<\/span><\/p>\n<p>&nbsp;<\/p>\n<h2><span style=\"font-family: helvetica, arial, sans-serif;\">HOSTING<\/span><\/h2>\n<div class=\"pages\">\n<p><span style=\"font-family: helvetica, arial, sans-serif;\"><strong>Ein sicheres Zuhause f\u00fcr Ihre Website.<\/strong><\/span><\/p>\n<p><span style=\"font-family: helvetica, arial, sans-serif;\">Damit Ihre Website 24 Stunden am Tag und mit kurzer Ladezeit abrufbar ist, ben\u00f6tigen Sie zuverl\u00e4ssige Webserver. Diesen Service, mit allem was dazu geh\u00f6rt, bieten wir Ihnen zu folgenden Preisen:<\/span><\/p>\n<p><span style=\"font-family: helvetica, arial, sans-serif;\">Bei allen Angeboten ist ein t\u00e4gliches Backup, Webmail sowie die Konfiguration von Webserver, Mailserver, DNS Server und den Erweiterungen inklusive*.<\/span><\/p>\n<p><span style=\"font-family: helvetica, arial, sans-serif;\">F\u00fcr weitere Informationen stehen wir Ihnen gerne zur Verf\u00fcgung.<\/span><\/p>\n<p><span style=\"font-family: helvetica, arial, sans-serif;\">Tel. 062 858 30 00, E-Mail <a href=\"mailto:info@edv-lehmann.ch\">info@edv-lehmann.ch<\/a><\/span><\/p>\n<p>&nbsp;<\/p>\n<h2><span style=\"font-family: helvetica, arial, sans-serif;\">CLOUD<\/span><\/h2>\n<p><span style=\"font-family: helvetica, arial, sans-serif;\"><strong>Ihre Daten \u00fcberall stets griffbereit.<\/strong><\/span><\/p>\n<p><span style=\"font-family: helvetica, arial, sans-serif;\">Mit unserer Cloud-L\u00f6sung bieten wir Ihnen eine M\u00f6glichkeit, von \u00fcberall und jederzeit auf Ihre Daten zuzugreifen. Mit dem entsprechenden Client werden die Daten auf Ihrem Desktop, Notebook oder Smartphone synchronisiert. Zus\u00e4tzlich k\u00f6nnen Sie via Web-Interface jederzeit darauf zugreifen.<\/span><\/p>\n<p><span style=\"font-family: helvetica, arial, sans-serif;\">Im Gegensatz zu den grossen Cloud-Anbietern sind Ihre Daten auf unseren eigenen Servern in der Schweiz gespeichert und werden auch nicht f\u00fcr Werbezwecke oder \u00e4hnliches ausgewertet.<\/span><\/p>\n<p><span style=\"font-family: helvetica, arial, sans-serif;\">Die detaillierten Konditionen siehe <a href=\"http:\/\/edv-lehmann.ch\/page.cfm?id=75&amp;abt=Dienstleistungen&amp;rub=Onlinedienste\" target=\"_blank\" rel=\"noopener\">HIER<\/a>.<\/span><\/p>\n<p><span style=\"font-family: helvetica, arial, sans-serif;\">F\u00fcr weitere Informationen stehen wir Ihnen gerne zur Verf\u00fcgung.<\/span><\/p>\n<p><span style=\"font-family: helvetica, arial, sans-serif;\">Tel. 062 858 30 00, E-Mail <a href=\"mailto:info@edv-lehmann.ch\">info@edv-lehmann.ch<\/a><\/span><\/p>\n<p>&nbsp;<\/p>\n<h2><span style=\"font-family: helvetica, arial, sans-serif;\">GROUPWARE<\/span><\/h2>\n<p><span style=\"font-family: helvetica, arial, sans-serif;\"><strong>Vernetzt zusammenarbeiten.<\/strong><\/span><\/p>\n<p><span style=\"font-family: helvetica, arial, sans-serif;\">Die IT soll Ihnen die Zusammenarbeit mit anderen erleichtern. Mit unseren Groupware-L\u00f6sungen erm\u00f6glichen Sie Ihren Mitarbeitern den Zugriff auf E-Mails und Termine von Zuhause oder vom Smartphone aus, genauso wie am Arbeitsplatz. Ob Icewarp Groupware oder Microsoft Exchange \u2013 wir beraten Sie gerne, welches die f\u00fcr Ihr Team geeignete L\u00f6sung ist.<\/span><\/p>\n<p><span style=\"font-family: helvetica, arial, sans-serif;\">Nutzen Sie die Vorteile von Microsoft Outlook standortunabh\u00e4ngig und ohne eigenen Server. Koordinieren Sie Termine, teilen Sie Kalender und Kontakte.<\/span><\/p>\n<p><span style=\"font-family: helvetica, arial, sans-serif;\">Details zu den Konditionen siehe <a href=\"http:\/\/edv-lehmann.ch\/page.cfm?id=75&amp;abt=Dienstleistungen&amp;rub=Onlinedienste\" target=\"_blank\" rel=\"noopener\">HIER<\/a><\/span><\/p>\n<p><span style=\"font-family: helvetica, arial, sans-serif;\">F\u00fcr weitere Informationen stehen wir Ihnen gerne zur Verf\u00fcgung.<\/span><\/p>\n<p><span style=\"font-family: helvetica, arial, sans-serif;\">Tel. 062 858 30 00, E-Mail <a href=\"mailto:info@edv-lehmann.ch\">info@edv-lehmann.ch<\/a><\/span><\/p>\n<p>&nbsp;<\/p>\n<h2><span style=\"font-family: helvetica, arial, sans-serif;\">BACKUP<\/span><\/h2>\n<p><span style=\"font-family: helvetica, arial, sans-serif;\"><strong>F\u00fcr eine zuverl\u00e4ssige Sicherung Ihrer Daten.<\/strong><\/span><\/p>\n<p><span style=\"font-family: helvetica, arial, sans-serif;\">Datenverlust kann viele Ursachen haben: Ein defektes Speichermedium, Viren oder der Verlust eines Ger\u00e4tes. Die Folgen sind in den meisten F\u00e4llen schwerwiegend. Mit einer professionellen Datensicherung l\u00e4sst sich viel \u00c4rger vermeiden. Wir richten Ihnen ein zuverl\u00e4ssiges Backup ein, damit Sie Ihre Daten jederzeit schnell wiederherstellen k\u00f6nnen.<\/span><\/p>\n<p><span style=\"font-family: helvetica, arial, sans-serif;\">Als zus\u00e4tzliche Sicherheit bieten wir Ihnen die M\u00f6glichkeit, Ihre Daten via Internet auf unseren Servern zu sichern, um f\u00fcr alle F\u00e4lle gewappnet zu sein.<\/span><\/p>\n<p><span style=\"font-family: helvetica, arial, sans-serif;\">F\u00fcr weitere Informationen stehen wir Ihnen gerne zur Verf\u00fcgung.<\/span><\/p>\n<p><span style=\"font-family: helvetica, arial, sans-serif;\">Tel. 062 858 30 00, E-Mail <a href=\"mailto:info@edv-lehmann.ch\">info@edv-lehmann.ch<\/a><\/span><\/p>\n<\/div>\n<p>&nbsp;<\/p>\n<p><span style=\"font-family: helvetica, arial, sans-serif;\">&#8230; und zu unseren aktuellen Dienstleistungen und Produkten rund um LINUX geht es <a href=\"https:\/\/weg-von-windows.ch\/index.php\/produkte-dienstleistungen\/\">HIER<\/a><\/span><\/p>\n<h2><span style=\"font-family: helvetica, arial, sans-serif;\">KONTAKT<\/span><\/h2>\n<p><span style=\"font-family: helvetica, arial, sans-serif;\"><strong>Tel. 062 858 30 00, E-Mail <\/strong><a href=\"mailto:info@edv-lehmann.ch\"><strong>info@edv-lehmann.ch<\/strong><\/a><\/span><\/p>\n","protected":false},"excerpt":{"rendered":"<p>PORTRAIT Seit 1984 f\u00fcr Sie da. Die EDV LEHMANN GmbH bietet seit \u00fcber 40 Jahren umfangreiche IT-Dienstleistungen f\u00fcr Privat- und Gesch\u00e4ftskunden an. Unser Ziel ist es, rasch und kosteng\u00fcnstig IT-L\u00f6sungen zu finden, welche individuell auf Ihre Bed\u00fcrfnisse abgestimmt sind und Sie beim Betrieb und der Wartung zu unterst\u00fctzen. Wir begleiten Sie von der Beratung \u00fcber [&hellip;]<\/p>\n","protected":false},"author":1,"featured_media":0,"parent":0,"menu_order":0,"comment_status":"closed","ping_status":"closed","template":"","meta":{"footnotes":""},"class_list":["post-9","page","type-page","status-publish","hentry"],"jetpack_sharing_enabled":true,"_links":{"self":[{"href":"https:\/\/weg-von-windows.ch\/index.php\/wp-json\/wp\/v2\/pages\/9","targetHints":{"allow":["GET"]}}],"collection":[{"href":"https:\/\/weg-von-windows.ch\/index.php\/wp-json\/wp\/v2\/pages"}],"about":[{"href":"https:\/\/weg-von-windows.ch\/index.php\/wp-json\/wp\/v2\/types\/page"}],"author":[{"embeddable":true,"href":"https:\/\/weg-von-windows.ch\/index.php\/wp-json\/wp\/v2\/users\/1"}],"replies":[{"embeddable":true,"href":"https:\/\/weg-von-windows.ch\/index.php\/wp-json\/wp\/v2\/comments?post=9"}],"version-history":[{"count":8,"href":"https:\/\/weg-von-windows.ch\/index.php\/wp-json\/wp\/v2\/pages\/9\/revisions"}],"predecessor-version":[{"id":262,"href":"https:\/\/weg-von-windows.ch\/index.php\/wp-json\/wp\/v2\/pages\/9\/revisions\/262"}],"wp:attachment":[{"href":"https:\/\/weg-von-windows.ch\/index.php\/wp-json\/wp\/v2\/media?parent=9"}],"curies":[{"name":"wp","href":"https:\/\/api.w.org\/{rel}","templated":true}]}}